


{"id":62,"date":"2022-03-17T20:37:57","date_gmt":"2022-03-17T19:37:57","guid":{"rendered":"https:\/\/blogs.gm.fh-koeln.de\/koehler\/?page_id=62"},"modified":"2025-11-04T19:10:30","modified_gmt":"2025-11-04T18:10:30","slug":"praxisprojektseminar_informatik","status":"publish","type":"page","link":"https:\/\/blogs.gm.fh-koeln.de\/koehler\/praxisprojektseminar_informatik\/","title":{"rendered":"Praxisprojektseminar"},"content":{"rendered":"<p class=\"lead\"><a title=\"Termine\" href=\"https:\/\/ilias.th-koeln.de\/goto.php?target=crs_2231637&amp;client_id=ILIAS_FH_Koeln\">Termine<\/a><\/p>\n<p>Das Praxisprojekt findet nach Studienverlaufsplan im 6. Semester statt und wird mit 15 Credits bewertet. Es wird in einen <strong>Seminarteil<\/strong> und den eigentlichen <strong>Projektteil<\/strong> gegliedert. Somit wird das Praxisprojekt in 2 Teilmodulen erbracht:<\/p>\n<ul>\n<li>Teilmodul 1: <strong><em>Praxisprojektarbeit<\/em><\/strong><br \/>\n(Projektteil: Erstellung einer Dokumentation der Projektergebnisse).<\/li>\n<li>Teilmodul 2: <strong><em>Praxisprojektseminar<\/em><\/strong><br \/>\n(Seminarteil: Seminarteilnahme und Seminarvortrag)<\/li>\n<\/ul>\n<p>Weitere Informationen zur Organisation des Praxisprojekts finden Sie in der <a href=\"http:\/\/www.gm.th-koeln.de\/~hk\/lehre\/pps\/Praxisprojektorganisation_WI-AI-TI.pdf\">Praxisprojektordnung<\/a>.<\/p>\n<p>Das Praxisprojektseminar wird in jedem Semester mehrmals nach Ank\u00fcndigung angeboten. Sie m\u00fcssen an mindestens 3 (inkl. eigener Vortrag) Seminartagen teilnehmen. Die schriftliche Dokumentation zum Praxisprojekt sollte fertiggestellt und vom Betreuer bewertet sein.<\/p>\n<p>Ich bitte die Studierenden, die das <strong>Praxisprojekt <\/strong>in den n\u00e4chsten 4-6 Wochen abschlie\u00dfen und dazu einen Vortrag halten m\u00f6chten, sich bei <a href=\"mailto:manuel_kevin.osifo@smail.th-koeln.de,%20lutz.koehler@th-koeln.de?subject=Praxisprojektseminar\">mir und Herrn Osifo<\/a> zu melden. Teilen Sie uns\u00a0\u00a0bitte das Thema Ihres Vortrags, den Betreuer, Ihre Matrikelnummer ung ggf. Ihre Vornote mit.<br \/>\nDanach werde ich die Seminartermine ausrichten. Ein Vortrag soll <strong>10 Minuten<\/strong> und nicht l\u00e4nger dauern, richtet sich aber an die teilnehmenden studentischen Zuh\u00f6rer!<\/p>\n","protected":false},"excerpt":{"rendered":"<p>Termine Das Praxisprojekt findet nach Studienverlaufsplan im 6. Semester statt und wird mit 15 Credits bewertet. Es wird in einen Seminarteil und den eigentlichen Projektteil gegliedert. Somit wird das Praxisprojekt in 2 Teilmodulen erbracht: Teilmodul 1: Praxisprojektarbeit (Projektteil: Erstellung einer Dokumentation der Projektergebnisse). Teilmodul 2: Praxisprojektseminar (Seminarteil: Seminarteilnahme und Seminarvortrag) Weitere Informationen zur Organisation des&#8230;  <a href=\"https:\/\/blogs.gm.fh-koeln.de\/koehler\/praxisprojektseminar_informatik\/\" class=\"more-link\" title=\"Read Praxisprojektseminar\"><?php _e(\"Read more &raquo;\",\"wpbootstrap\"); ?><\/a><\/p>\n","protected":false},"author":105,"featured_media":0,"parent":0,"menu_order":0,"comment_status":"closed","ping_status":"closed","template":"","meta":{"_acf_changed":false,"footnotes":""},"class_list":["post-62","page","type-page","status-publish","hentry"],"acf":[],"_links":{"self":[{"href":"https:\/\/blogs.gm.fh-koeln.de\/koehler\/wp-json\/wp\/v2\/pages\/62","targetHints":{"allow":["GET"]}}],"collection":[{"href":"https:\/\/blogs.gm.fh-koeln.de\/koehler\/wp-json\/wp\/v2\/pages"}],"about":[{"href":"https:\/\/blogs.gm.fh-koeln.de\/koehler\/wp-json\/wp\/v2\/types\/page"}],"author":[{"embeddable":true,"href":"https:\/\/blogs.gm.fh-koeln.de\/koehler\/wp-json\/wp\/v2\/users\/105"}],"replies":[{"embeddable":true,"href":"https:\/\/blogs.gm.fh-koeln.de\/koehler\/wp-json\/wp\/v2\/comments?post=62"}],"version-history":[{"count":15,"href":"https:\/\/blogs.gm.fh-koeln.de\/koehler\/wp-json\/wp\/v2\/pages\/62\/revisions"}],"predecessor-version":[{"id":147,"href":"https:\/\/blogs.gm.fh-koeln.de\/koehler\/wp-json\/wp\/v2\/pages\/62\/revisions\/147"}],"wp:attachment":[{"href":"https:\/\/blogs.gm.fh-koeln.de\/koehler\/wp-json\/wp\/v2\/media?parent=62"}],"curies":[{"name":"wp","href":"https:\/\/api.w.org\/{rel}","templated":true}]}}