


{"id":312,"date":"2011-03-25T19:24:05","date_gmt":"2011-03-25T19:24:05","guid":{"rendered":"http:\/\/lwibs01.gm.fh-koeln.de\/blogs\/bertelsmeier\/"},"modified":"2023-10-25T13:56:39","modified_gmt":"2023-10-25T13:56:39","slug":"sgdb","status":"publish","type":"page","link":"https:\/\/blogs.gm.fh-koeln.de\/bertelsmeier\/lehrveranstaltungen\/sgdb\/","title":{"rendered":"Informatik und Gesellschaft"},"content":{"rendered":"<p class=\"lead\">Informatik und Gesellschaft im SoSe 2023 offen f\u00fcr die Informatik-Studieng\u00e4nge INF, ITM und WI (offen auch f\u00fcr MI und kann hier z.B. auch als WPF anerkannt werden). Die Veranstaltung ist aber auch offen f\u00fcr externe Zuh\u00f6rer, die nicht an der TH eingeschrieben sind.<\/p>\n<p>Die Informatik und Gesellschaft-Ringvorlesung gew\u00e4hrt Ihnen auch diesem Semester wieder viele interessante Eindr\u00fccke. Wir laden Sie mit dazu ein, \u00fcber den fachlichen Tellerrand hinauszublicken und sich ein Bild von Themen zu machen, mit denen Sie als zuk\u00fcnftige*r Informatiker*in nicht unbedingt w\u00e4hrend des Studiums in Ber\u00fchrung kommen, die Sie aber trotzdem nicht nur beruflich, sondern auch pers\u00f6nlich beeinflussen werden. Sie lernen Hintergr\u00fcnde und Auswirkungen Ihres eigenen Wirkens als Informatiker*in zuerkennen und zu verstehen und erfahren, was Ihr zuk\u00fcnftiges Berufsfeld ausmacht und wie sich neue Technologien auswirken.<\/p>\n<p>Weiterhin erfahren Sie beispielsweise, welche Konsequenzen Ihr pers\u00f6nliches Verhalten in unterschiedlichen Situationen haben kann und wie Sie schon in jungen Jahren eine ethische Verhaltensweise sich selbst, anderen Menschen sowie auch der Umwelt gegen\u00fcber entwickeln und k\u00f6nnen so von vornherein mit einem Ihrer Pers\u00f6nlichkeit entsprechenden Verantwortungsbewusstsein in Ihr Berufsleben starten. Durch den Beitrag eines der f\u00fchrenden Klimaschutzunternehmens Deutschlands lernen Sie, dass nat\u00fcrliche Ressourcen nicht unendlich vorhanden sind und wie Sie durch Ihr Verhalten dazu beitragen k\u00f6nnen, unser Klima nachhaltig zu sch\u00fctzen.<\/p>\n<p>Es erwarten Sie viele interessante Beitr\u00e4ge von hoch motivierten internen und externen Dozentinnen und Dozenten, die Sie mit auf eine Reise in ihre pers\u00f6nlichen Erfahrungen nehmen und Ihnen viele spannende und interessante Themenfelder n\u00e4herbringen.<\/p>\n<p>Wir freuen uns auf Ihre Beteiligung auch im offenen Austausch, von dem wir alle nur profitieren k\u00f6nnen.<\/p>\n<p>Prof. Birgit Bertelsmeier<\/p>\n","protected":false},"excerpt":{"rendered":"<p>Informatik und Gesellschaft im SoSe 2023 offen f\u00fcr die Informatik-Studieng\u00e4nge INF, ITM und WI (offen auch f\u00fcr MI und kann hier z.B. auch als WPF anerkannt werden). Die Veranstaltung ist aber auch offen f\u00fcr externe Zuh\u00f6rer, die nicht an der TH eingeschrieben sind. Die Informatik und Gesellschaft-Ringvorlesung gew\u00e4hrt Ihnen auch diesem Semester wieder viele interessante&#8230;  <a href=\"https:\/\/blogs.gm.fh-koeln.de\/bertelsmeier\/lehrveranstaltungen\/sgdb\/\" class=\"more-link\" title=\"Read Informatik und Gesellschaft\"><?php _e(\"Read more &raquo;\",\"wpbootstrap\"); ?><\/a><\/p>\n","protected":false},"author":28,"featured_media":0,"parent":63,"menu_order":3,"comment_status":"closed","ping_status":"closed","template":"","meta":{"_acf_changed":false,"footnotes":""},"class_list":["post-312","page","type-page","status-publish","hentry"],"acf":[],"_links":{"self":[{"href":"https:\/\/blogs.gm.fh-koeln.de\/bertelsmeier\/wp-json\/wp\/v2\/pages\/312","targetHints":{"allow":["GET"]}}],"collection":[{"href":"https:\/\/blogs.gm.fh-koeln.de\/bertelsmeier\/wp-json\/wp\/v2\/pages"}],"about":[{"href":"https:\/\/blogs.gm.fh-koeln.de\/bertelsmeier\/wp-json\/wp\/v2\/types\/page"}],"author":[{"embeddable":true,"href":"https:\/\/blogs.gm.fh-koeln.de\/bertelsmeier\/wp-json\/wp\/v2\/users\/28"}],"replies":[{"embeddable":true,"href":"https:\/\/blogs.gm.fh-koeln.de\/bertelsmeier\/wp-json\/wp\/v2\/comments?post=312"}],"version-history":[{"count":13,"href":"https:\/\/blogs.gm.fh-koeln.de\/bertelsmeier\/wp-json\/wp\/v2\/pages\/312\/revisions"}],"predecessor-version":[{"id":2571,"href":"https:\/\/blogs.gm.fh-koeln.de\/bertelsmeier\/wp-json\/wp\/v2\/pages\/312\/revisions\/2571"}],"up":[{"embeddable":true,"href":"https:\/\/blogs.gm.fh-koeln.de\/bertelsmeier\/wp-json\/wp\/v2\/pages\/63"}],"wp:attachment":[{"href":"https:\/\/blogs.gm.fh-koeln.de\/bertelsmeier\/wp-json\/wp\/v2\/media?parent=312"}],"curies":[{"name":"wp","href":"https:\/\/api.w.org\/{rel}","templated":true}]}}